{"id":15333,"date":"2022-11-21T14:50:29","date_gmt":"2022-11-21T14:50:29","guid":{"rendered":"https:\/\/ebla-co.net\/?post_type=product&#038;p=15333"},"modified":"2024-04-15T21:07:10","modified_gmt":"2024-04-15T21:07:10","slug":"cubofix-granit","status":"publish","type":"product","link":"https:\/\/ebla-co.net\/en\/termek\/cubofix-granit\/","title":{"rendered":"Cubofix Granit"},"content":{"rendered":"<p><strong>SZABV\u00c1NY<\/strong><br \/>\nTS EN 12004 -1:2017 C2TES1<\/p>\n<p><strong>LE\u00cdR\u00c1S<\/strong><br \/>\nCement alap\u00fa, egy\u00f6sszetev\u0151s, nagy rugalmass\u00e1g\u00fa, polimerrel kieg\u00e9sz\u00edtett S1 oszt\u00e1ly\u00fa ragaszt\u00f3habarcs. Felbont\u00e1s ut\u00e1n hosszabb t\u00e1rolhat\u00f3s\u00e1g, lecs\u00fasz\u00e1smentes tervez\u00e9s; mozaik, nagy m\u00e9ret\u0171 ker\u00e1mia, gr\u00e1nit \u00e9s m\u00e1rv\u00e1ny felhaszn\u00e1l\u00e1s\u00e1hoz. Nagy h\u0151m\u00e9rs\u00e9klet-v\u00e1ltoz\u00e1sokkal j\u00e1r\u00f3 ter\u00fcleteken, h\u0171t\u0151h\u00e1zakban, energetikai l\u00e9tes\u00edtm\u00e9nyekben \u00e9s padl\u00f3f\u0171t\u00e9si rendszerekben egyar\u00e1nt haszn\u00e1lhat\u00f3. Sz\u00fcrke \u00e9s feh\u00e9r v\u00e1ltozatban gy\u00e1rtjuk.<\/p>\n<p><strong>ALKALMAZ\u00c1SI TER\u00dcLETEK<\/strong><br \/>\nHidegburkolatok, p\u00e9ld\u00e1ul csempe, ker\u00e1mia, k\u0151porcel\u00e1n, m\u00e1rv\u00e1ny, term\u00e9szetes k\u00f6vek v\u00edzszintesen \u00e9s f\u00fcgg\u0151legesen t\u00f6rt\u00e9n\u0151 ragaszt\u00e1s\u00e1ra betonhoz, vakolathoz \u00e9s esztrich fel\u00fcletekhez belt\u00e9ren \u00e9s k\u00fclt\u00e9ren. V\u00edz- \u00e9s fagy\u00e1ll\u00f3, nem befoly\u00e1solja a h\u0151m\u00e9rs\u00e9klet-v\u00e1ltoz\u00e1s. Lehet\u0151v\u00e9 teszi a ragasztott burkolatok hosszantart\u00f3 r\u00f6gz\u00edt\u00e9s\u00e9t. Rugalmas m\u00e9gis szil\u00e1rd tapad\u00e1st biztos\u00edt. Jellemz\u0151je a keresztir\u00e1ny\u00fa deform\u00e1ci\u00f3.<\/p>\n<p><strong>FEL\u00dcLET EL\u0150K\u00c9SZ\u00cdT\u00c9SE<\/strong><br \/>\nA felhordhat\u00f3 fel\u00fcleteket meg kell k\u00f6tni. A fel\u00fcletet; a pen\u00e9szolajat, port, fest\u00e9ket, olajat, mos\u00f3szert \u00e9s a tapad\u00e1st cs\u00f6kkent\u0151 szereket le kell tiszt\u00edtani. A fel\u00fcleten l\u00e9v\u0151 reped\u00e9seket, lyukakat a felhord\u00e1s el\u0151tt jav\u00edt\u00f3habarccsal javasolt egyenl\u00edteni. Ha sz\u00fcks\u00e9ges, az alkalmaz\u00e1si fel\u00fcletet v\u00edzzel meg kell nedves\u00edteni. Ezenk\u00edv\u00fcl a ker\u00e1mia, gr\u00e1nit \u00e9s m\u00e1rv\u00e1ny h\u00e1toldal\u00e1t is meg kell tiszt\u00edtani \u00e9s nedves\u00edteni.<\/p>\n<p><strong>ALKALMAZ\u00c1S<\/strong><br \/>\n25 kg CUBOFIX GR\u00c1NIT FLEX ragaszt\u00f3habarcsot 5-6 liter tiszta v\u00edzhez adjuk \u00e9s alacsony fordulatsz\u00e1m\u00fa kever\u0151vel \u00f6sszekeverj\u00fck, m\u00edg csom\u00f3mentess\u00e9 v\u00e1lik. Az elk\u00e9sz\u00edtett habarcs 5 perc pihentet\u00e9s ut\u00e1n \u00fajra keverend\u0151. 3-4 \u00f3r\u00e1n bel\u00fcl fel kell haszn\u00e1ni, 10-15 mm-es vastags\u00e1gban. A felhaszn\u00e1lt ker\u00e1mia vagy csempe m\u00e9ret\u00e9t\u0151l \u00e9s a padl\u00f3 simas\u00e1g\u00e1t\u00f3l f\u00fcgg\u0151en a \u201ek\u00e9toldalas ragaszt\u00f3\u201d m\u00f3dszer alkalmaz\u00e1sa javasolt. Biztos\u00edtani kell, hogy a ragaszt\u00f3habarcs a burkolat h\u00e1toldal\u00e1nak legal\u00e1bb 80%-\u00e1t \u00e9rintse.<\/p>\n<p><strong>T\u00c1ROL\u00c1S<\/strong><br \/>\nAz eredeti csomagol\u00e1sban, nedvess\u00e9gmentes k\u00f6rnyezetben, raklapon, legfeljebb 10-szeres egym\u00e1sra helyez\u00e9ssel lehet t\u00e1rolni. Megfelel\u0151 t\u00e1rol\u00e1si k\u00f6r\u00fclm\u00e9nyek k\u00f6z\u00f6tt 12 h\u00f3napig eltarthat\u00f3. A zs\u00e1k felbont\u00e1s\u00e1t k\u00f6vet\u0151 7 napon bel\u00fcl aj\u00e1nlott felhaszn\u00e1lni.<\/p>\n<p><strong>BIZTONS\u00c1GI \u00c9S EG\u00c9SZS\u00c9G\u00dcGYI EL\u0150\u00cdR\u00c1S<\/strong><br \/>\nMint minden vegyi term\u00e9k eset\u00e9ben, a felhaszn\u00e1l\u00e1s \u00e9s t\u00e1rol\u00e1s sor\u00e1n is ker\u00fclni kell az \u00e9lelmiszerrel, b\u0151rrel, szemmel \u00e9s sz\u00e1jjal val\u00f3 \u00e9rintkez\u00e9st. V\u00e9letlen lenyel\u00e9s vagy szembe jut\u00e1s eset\u00e9n azonnal forduljon orvoshoz! B\u0151rrel val\u00f3 \u00e9rintkez\u00e9s eset\u00e9n b\u0151 v\u00edzzel mossuk le. Az alkalmaz\u00e1s sor\u00e1n munkaruh\u00e1t, v\u00e9d\u0151keszty\u0171t, v\u00e9d\u0151szem\u00fcveget \u00e9s maszkot kell haszn\u00e1lni a hat\u00e1lyos munkav\u00e9delmi szab\u00e1lyoknak megfelel\u0151en.<\/p>\n<p>Ker\u00fclje az alkalmaz\u00e1st +5 C\u00b0 alatt \u00e9s +35 C\u00b0 felett.<br \/>\nNem szabad por vagy v\u00edz hozz\u00e1ad\u00e1s\u00e1val alkalmazni.<br \/>\nNedves fel\u00fcletre nem haszn\u00e1lhat\u00f3.<\/p>\n<table id=\"product-specification-table\" class=\"tg\">\n<tbody>\n<tr>\n<td class=\"tg-0lax\">Sz\u00edn:<\/td>\n<td class=\"tg-0lax\">Sz\u00fcrke, feh\u00e9r<\/td>\n<\/tr>\n<tr>\n<td class=\"tg-0lax\">Sz\u00e1raz pors\u0171r\u0171s\u00e9g:<\/td>\n<td class=\"tg-0lax\">1400 \u00b1 100 kg\/m3<\/td>\n<\/tr>\n<tr>\n<td class=\"tg-0lax\">Kever\u00e9si ar\u00e1ny:<\/td>\n<td class=\"tg-0lax\">5-6 L v\u00edz \/ 25 kg por<\/td>\n<\/tr>\n<tr>\n<td class=\"tg-0lax\">Alkalmaz\u00e1si h\u0151m\u00e9rs\u00e9klet:<\/td>\n<td class=\"tg-0lax\">+5 &lt; 35 C\u00b0<\/td>\n<\/tr>\n<tr>\n<td class=\"tg-0lax\">Feldolgozhat\u00f3s\u00e1g:<\/td>\n<td class=\"tg-0lax\">Max. 4 \u00f3ra<\/td>\n<\/tr>\n<tr>\n<td class=\"tg-0lax\">Teljes sz\u00e1rad\u00e1si id\u0151:<\/td>\n<td class=\"tg-0lax\">24 \u00f3ra aljazaton<br \/>\n8 \u00f3ra oldalfalon<\/td>\n<\/tr>\n<tr>\n<td class=\"tg-0lax\">H\u0151m\u00e9rs\u00e9klet-tartom\u00e1ny:<\/td>\n<td class=\"tg-0lax\">-40 &lt; +80 C\u00b0<\/td>\n<\/tr>\n<tr>\n<td class=\"tg-0lax\">Tapad\u00e1si szil\u00e1rds\u00e1g:<\/td>\n<td class=\"tg-0lax\">\u2265 1 N\/mm2<\/td>\n<\/tr>\n<tr>\n<td class=\"tg-0lax\">Kezdeti szil\u00e1rds\u00e1g:<\/td>\n<td class=\"tg-0lax\">\u2265 1 N\/mm2<\/td>\n<\/tr>\n<tr>\n<td class=\"tg-0lax\">Tapad\u00e1s szil\u00e1rdul\u00e1s ut\u00e1n:<\/td>\n<td class=\"tg-0lax\">\u2265 1 N\/mm2<\/td>\n<\/tr>\n<tr>\n<td class=\"tg-0lax\">Fagy\u00e1s\/olvad\u00e1s ut\u00e1n:<\/td>\n<td class=\"tg-0lax\">\u2265 1 N\/mm2<\/td>\n<\/tr>\n<tr>\n<td class=\"tg-0lax\">Felvitel ut\u00e1n 30 perccel:<\/td>\n<td class=\"tg-0lax\">\u2265 0,5 N\/mm2<\/td>\n<\/tr>\n<tr>\n<td class=\"tg-0lax\">Cs\u00fasz\u00f3s\u00e1g:<\/td>\n<td class=\"tg-0lax\">&lt; 0,5 mm<\/td>\n<\/tr>\n<tr>\n<td class=\"tg-0lax\">Rugalmass\u00e1g:<\/td>\n<td class=\"tg-0lax\">\u2265 2,5 \u00e9s &lt; 0,5 mm<\/td>\n<\/tr>\n<tr>\n<td class=\"tg-0lax\">T\u0171zvesz\u00e9lyess\u00e9gi oszt\u00e1ly:<\/td>\n<td class=\"tg-0lax\">A2<\/td>\n<\/tr>\n<\/tbody>\n<\/table>\n<p><strong>Egy oldalon t\u00f6rt\u00e9n\u0151 alklamaz\u00e1s eset\u00e9n:<\/strong><\/p>\n<table id=\"product-specification-table\" class=\"tg\">\n<thead>\n<tr>\n<th class=\"tg-0pky\">Bemetsz\u00e9s<\/th>\n<th class=\"tg-0pky\">Fogyaszt\u00e1s (kg\/m2)<\/th>\n<\/tr>\n<\/thead>\n<tbody>\n<tr>\n<td class=\"tg-0lax\">3<\/td>\n<td class=\"tg-0lax\">2-3<\/td>\n<\/tr>\n<tr>\n<td class=\"tg-0lax\">4<\/td>\n<td class=\"tg-0lax\">3-4<\/td>\n<\/tr>\n<tr>\n<td class=\"tg-0lax\">6<\/td>\n<td class=\"tg-0lax\">4-5<\/td>\n<\/tr>\n<tr>\n<td class=\"tg-0lax\">8<\/td>\n<td class=\"tg-0lax\">5-6<\/td>\n<\/tr>\n<\/tbody>\n<\/table>\n","protected":false},"excerpt":{"rendered":"<p>Flexible adhesive mortar<br \/>\n<strong>Packaging<\/strong>: 25 kg bag. 4~6 kg \/ m2<br \/>\n<strong>Manufacturer<\/strong>: CUBO<\/p>\n<div class=\"product-certificate-holder\"><a class=\"first\" href=\"https:\/\/cubo.com.tr\/wp-content\/uploads\/2022\/02\/TS-EN-12004-1.pdf\" target=\"_blank\" rel=\"noopener\"><img decoding=\"async\" class=\"product-cert-img\" src=\"\/wp-content\/uploads\/2022\/11\/TS_EN_12004-v2.jpg\" \/><\/a><a class=\"third\" href=\"#\" target=\"_blank\" rel=\"noopener\"><img decoding=\"async\" class=\"product-cert-img\" src=\"\/wp-content\/uploads\/2022\/11\/MSDS.png\" \/><\/a><a class=\"third\" href=\"#\" target=\"_blank\" rel=\"noopener\"><img decoding=\"async\" class=\"product-cert-img\" src=\"\/wp-content\/uploads\/2022\/11\/CE.jpg\" \/><\/a><a class=\"fourth\" href=\"https:\/\/cubo.com.tr\/wp-content\/uploads\/2022\/08\/ISO-9001.pdf\" target=\"_blank\" rel=\"noopener\"><img decoding=\"async\" class=\"product-cert-img\" src=\"\/wp-content\/uploads\/2022\/11\/ISO-9001_300x300-compressed.jpg\" \/><\/a><a class=\"fifth\" href=\"https:\/\/cubo.com.tr\/wp-content\/uploads\/2022\/11\/ISO-14001-Sertifika.pdf\" target=\"_blank\" rel=\"noopener\"><img decoding=\"async\" class=\"product-cert-img\" src=\"\/wp-content\/uploads\/2022\/11\/ISO-14001-1_500x500-compressed.jpg\" \/><\/a><\/div>\n","protected":false},"featured_media":14647,"template":"","meta":[],"product_brand":[],"product_cat":[93],"product_tag":[],"class_list":{"0":"post-15333","1":"product","2":"type-product","3":"status-publish","4":"has-post-thumbnail","6":"product_cat-construction-products","8":"first","9":"instock","10":"sale","11":"shipping-taxable","12":"purchasable","13":"product-type-simple"},"yoast_head":"<!-- This site is optimized with the Yoast SEO plugin v27.4 - https:\/\/yoast.com\/product\/yoast-seo-wordpress\/ -->\n<title>Cubofix Granit - EBLA Export<\/title>\n<meta name=\"robots\" content=\"index, follow, max-snippet:-1, max-image-preview:large, max-video-preview:-1\" \/>\n<link rel=\"canonical\" href=\"https:\/\/ebla-co.net\/termek\/cubo-cubofix-granit-burkolatragaszto-flex\/\" \/>\n<meta property=\"og:locale\" content=\"en_US\" \/>\n<meta property=\"og:type\" content=\"article\" \/>\n<meta property=\"og:title\" content=\"Cubofix Granit - EBLA Export\" \/>\n<meta property=\"og:description\" content=\"Flexible adhesive mortar Packaging: 25 kg bag. 4~6 kg \/ m2 Manufacturer: CUBO\" \/>\n<meta property=\"og:url\" content=\"https:\/\/ebla-co.net\/termek\/cubo-cubofix-granit-burkolatragaszto-flex\/\" \/>\n<meta property=\"og:site_name\" content=\"EBLA Export\" \/>\n<meta property=\"article:modified_time\" content=\"2024-04-15T21:07:10+00:00\" \/>\n<meta property=\"og:image\" content=\"https:\/\/ebla-co.net\/wp-content\/uploads\/2022\/11\/prod-cubo-cubofix-granit.jpg\" \/>\n\t<meta property=\"og:image:width\" content=\"1200\" \/>\n\t<meta property=\"og:image:height\" content=\"1200\" \/>\n\t<meta property=\"og:image:type\" content=\"image\/jpeg\" \/>\n<meta name=\"twitter:card\" content=\"summary_large_image\" \/>\n<meta name=\"twitter:label1\" content=\"Est. reading time\" \/>\n\t<meta name=\"twitter:data1\" content=\"3 minutes\" \/>\n<script type=\"application\/ld+json\" class=\"yoast-schema-graph\">{\"@context\":\"https:\\\/\\\/schema.org\",\"@graph\":[{\"@type\":\"WebPage\",\"@id\":\"https:\\\/\\\/ebla-co.net\\\/termek\\\/cubo-cubofix-granit-burkolatragaszto-flex\\\/\",\"url\":\"https:\\\/\\\/ebla-co.net\\\/termek\\\/cubo-cubofix-granit-burkolatragaszto-flex\\\/\",\"name\":\"Cubofix Granit - EBLA Export\",\"isPartOf\":{\"@id\":\"https:\\\/\\\/ebla-co.net\\\/#website\"},\"primaryImageOfPage\":{\"@id\":\"https:\\\/\\\/ebla-co.net\\\/termek\\\/cubo-cubofix-granit-burkolatragaszto-flex\\\/#primaryimage\"},\"image\":{\"@id\":\"https:\\\/\\\/ebla-co.net\\\/termek\\\/cubo-cubofix-granit-burkolatragaszto-flex\\\/#primaryimage\"},\"thumbnailUrl\":\"https:\\\/\\\/ebla-co.net\\\/wp-content\\\/uploads\\\/2022\\\/11\\\/prod-cubo-cubofix-granit.jpg\",\"datePublished\":\"2022-11-21T14:50:29+00:00\",\"dateModified\":\"2024-04-15T21:07:10+00:00\",\"breadcrumb\":{\"@id\":\"https:\\\/\\\/ebla-co.net\\\/termek\\\/cubo-cubofix-granit-burkolatragaszto-flex\\\/#breadcrumb\"},\"inLanguage\":\"en-US\",\"potentialAction\":[{\"@type\":\"ReadAction\",\"target\":[\"https:\\\/\\\/ebla-co.net\\\/termek\\\/cubo-cubofix-granit-burkolatragaszto-flex\\\/\"]}]},{\"@type\":\"ImageObject\",\"inLanguage\":\"en-US\",\"@id\":\"https:\\\/\\\/ebla-co.net\\\/termek\\\/cubo-cubofix-granit-burkolatragaszto-flex\\\/#primaryimage\",\"url\":\"https:\\\/\\\/ebla-co.net\\\/wp-content\\\/uploads\\\/2022\\\/11\\\/prod-cubo-cubofix-granit.jpg\",\"contentUrl\":\"https:\\\/\\\/ebla-co.net\\\/wp-content\\\/uploads\\\/2022\\\/11\\\/prod-cubo-cubofix-granit.jpg\",\"width\":1200,\"height\":1200,\"caption\":\"CUBO Cubofix Granit\"},{\"@type\":\"BreadcrumbList\",\"@id\":\"https:\\\/\\\/ebla-co.net\\\/termek\\\/cubo-cubofix-granit-burkolatragaszto-flex\\\/#breadcrumb\",\"itemListElement\":[{\"@type\":\"ListItem\",\"position\":1,\"name\":\"Home\",\"item\":\"https:\\\/\\\/ebla-co.net\\\/en\\\/\"},{\"@type\":\"ListItem\",\"position\":2,\"name\":\"Term\u00e9kek\",\"item\":\"https:\\\/\\\/ebla-co.net\\\/shop\\\/\"},{\"@type\":\"ListItem\",\"position\":3,\"name\":\"Cubofix Granit\"}]},{\"@type\":\"WebSite\",\"@id\":\"https:\\\/\\\/ebla-co.net\\\/#website\",\"url\":\"https:\\\/\\\/ebla-co.net\\\/\",\"name\":\"EBLA Export\",\"description\":\"\",\"potentialAction\":[{\"@type\":\"SearchAction\",\"target\":{\"@type\":\"EntryPoint\",\"urlTemplate\":\"https:\\\/\\\/ebla-co.net\\\/?s={search_term_string}\"},\"query-input\":{\"@type\":\"PropertyValueSpecification\",\"valueRequired\":true,\"valueName\":\"search_term_string\"}}],\"inLanguage\":\"en-US\"}]}<\/script>\n<!-- \/ Yoast SEO plugin. -->","yoast_head_json":{"title":"Cubofix Granit - EBLA Export","robots":{"index":"index","follow":"follow","max-snippet":"max-snippet:-1","max-image-preview":"max-image-preview:large","max-video-preview":"max-video-preview:-1"},"canonical":"https:\/\/ebla-co.net\/termek\/cubo-cubofix-granit-burkolatragaszto-flex\/","og_locale":"en_US","og_type":"article","og_title":"Cubofix Granit - EBLA Export","og_description":"Flexible adhesive mortar Packaging: 25 kg bag. 4~6 kg \/ m2 Manufacturer: CUBO","og_url":"https:\/\/ebla-co.net\/termek\/cubo-cubofix-granit-burkolatragaszto-flex\/","og_site_name":"EBLA Export","article_modified_time":"2024-04-15T21:07:10+00:00","og_image":[{"width":1200,"height":1200,"url":"https:\/\/ebla-co.net\/wp-content\/uploads\/2022\/11\/prod-cubo-cubofix-granit.jpg","type":"image\/jpeg"}],"twitter_card":"summary_large_image","twitter_misc":{"Est. reading time":"3 minutes"},"schema":{"@context":"https:\/\/schema.org","@graph":[{"@type":"WebPage","@id":"https:\/\/ebla-co.net\/termek\/cubo-cubofix-granit-burkolatragaszto-flex\/","url":"https:\/\/ebla-co.net\/termek\/cubo-cubofix-granit-burkolatragaszto-flex\/","name":"Cubofix Granit - EBLA Export","isPartOf":{"@id":"https:\/\/ebla-co.net\/#website"},"primaryImageOfPage":{"@id":"https:\/\/ebla-co.net\/termek\/cubo-cubofix-granit-burkolatragaszto-flex\/#primaryimage"},"image":{"@id":"https:\/\/ebla-co.net\/termek\/cubo-cubofix-granit-burkolatragaszto-flex\/#primaryimage"},"thumbnailUrl":"https:\/\/ebla-co.net\/wp-content\/uploads\/2022\/11\/prod-cubo-cubofix-granit.jpg","datePublished":"2022-11-21T14:50:29+00:00","dateModified":"2024-04-15T21:07:10+00:00","breadcrumb":{"@id":"https:\/\/ebla-co.net\/termek\/cubo-cubofix-granit-burkolatragaszto-flex\/#breadcrumb"},"inLanguage":"en-US","potentialAction":[{"@type":"ReadAction","target":["https:\/\/ebla-co.net\/termek\/cubo-cubofix-granit-burkolatragaszto-flex\/"]}]},{"@type":"ImageObject","inLanguage":"en-US","@id":"https:\/\/ebla-co.net\/termek\/cubo-cubofix-granit-burkolatragaszto-flex\/#primaryimage","url":"https:\/\/ebla-co.net\/wp-content\/uploads\/2022\/11\/prod-cubo-cubofix-granit.jpg","contentUrl":"https:\/\/ebla-co.net\/wp-content\/uploads\/2022\/11\/prod-cubo-cubofix-granit.jpg","width":1200,"height":1200,"caption":"CUBO Cubofix Granit"},{"@type":"BreadcrumbList","@id":"https:\/\/ebla-co.net\/termek\/cubo-cubofix-granit-burkolatragaszto-flex\/#breadcrumb","itemListElement":[{"@type":"ListItem","position":1,"name":"Home","item":"https:\/\/ebla-co.net\/en\/"},{"@type":"ListItem","position":2,"name":"Term\u00e9kek","item":"https:\/\/ebla-co.net\/shop\/"},{"@type":"ListItem","position":3,"name":"Cubofix Granit"}]},{"@type":"WebSite","@id":"https:\/\/ebla-co.net\/#website","url":"https:\/\/ebla-co.net\/","name":"EBLA Export","description":"","potentialAction":[{"@type":"SearchAction","target":{"@type":"EntryPoint","urlTemplate":"https:\/\/ebla-co.net\/?s={search_term_string}"},"query-input":{"@type":"PropertyValueSpecification","valueRequired":true,"valueName":"search_term_string"}}],"inLanguage":"en-US"}]}},"_links":{"self":[{"href":"https:\/\/ebla-co.net\/en\/wp-json\/wp\/v2\/product\/15333","targetHints":{"allow":["GET"]}}],"collection":[{"href":"https:\/\/ebla-co.net\/en\/wp-json\/wp\/v2\/product"}],"about":[{"href":"https:\/\/ebla-co.net\/en\/wp-json\/wp\/v2\/types\/product"}],"wp:featuredmedia":[{"embeddable":true,"href":"https:\/\/ebla-co.net\/en\/wp-json\/wp\/v2\/media\/14647"}],"wp:attachment":[{"href":"https:\/\/ebla-co.net\/en\/wp-json\/wp\/v2\/media?parent=15333"}],"wp:term":[{"taxonomy":"product_brand","embeddable":true,"href":"https:\/\/ebla-co.net\/en\/wp-json\/wp\/v2\/product_brand?post=15333"},{"taxonomy":"product_cat","embeddable":true,"href":"https:\/\/ebla-co.net\/en\/wp-json\/wp\/v2\/product_cat?post=15333"},{"taxonomy":"product_tag","embeddable":true,"href":"https:\/\/ebla-co.net\/en\/wp-json\/wp\/v2\/product_tag?post=15333"}],"curies":[{"name":"wp","href":"https:\/\/api.w.org\/{rel}","templated":true}]}}